{"id":66101,"date":"2026-02-17T13:28:59","date_gmt":"2026-02-17T13:28:59","guid":{"rendered":"https:\/\/www.akeneo.com\/?post_type=ak-pr&#038;p=66101"},"modified":"2026-02-18T08:40:59","modified_gmt":"2026-02-18T08:40:59","slug":"predictions-2026","status":"publish","type":"ak-pr","link":"https:\/\/www.akeneo.com\/fr\/press-release\/predictions-2026\/","title":{"rendered":"2026 : l\u2019essor du commerce conversationnel place la donn\u00e9e produit au c\u0153ur de la comp\u00e9titivit\u00e9 des marques\u00a0"},"content":{"rendered":"\n  \n<section id=\"hero-block_0ebf9aa120b8668625f6f21810159481\" class=\"hero hero-blue py-0\">\n            <div class=\"container\">\n            <div class=\"row\">\n                <div class=\"col-12\">\n                    <div class=\"hero-inner\">\n                        <div class=\"row\">\n                            <div class=\"col-md-10 col-lg-8 mx-md-auto\">\n                                <div class=\"hero-content text-center\">\n                                    <p class=\"hero-meta\">\n                                        <span>F\u00e9v 17, 2026<\/span>\n                                    <\/p>\n                                                                            <div class=\"hero-logo\" style=\"margin: 0 auto 20px;\">\n                                            <img decoding=\"async\" src=\"https:\/\/www.akeneo.com\/wp-content\/themes\/akeneo\/assets\/images\/content\/akeneo-icon-logo.svg\" alt=\"akeneo-logo\">\n                                        <\/div>\n                                                                        <h1 class=\"hero-title\">2026 : l\u2019essor du commerce conversationnel place la donn\u00e9e produit au c\u0153ur de la comp\u00e9titivit\u00e9 des marques\u00a0<\/h1>\n                                    <div class=\"hero-text\">\n                                        <p>\n                                                                                            Akeneo, l\u2019entreprise fran\u00e7aise de gestion de l\u2019information produit (PIM) et de l&rsquo;exp\u00e9rience produit (PX) partage aujourd&rsquo;hui sa vision sur les grandes tendances pour 2026 dans les secteurs du retail, de l&rsquo;e-commerce et de l&rsquo;IT.                                                                                    <\/p>\n                                    <\/div>\n                                <\/div>\n                            <\/div>\n                        <\/div>\n                    <\/div>\n                <\/div>\n            <\/div>\n        <\/div>\n    <\/section>\n  \n\n\n\n<section id=\"content-block_ba584c80ddf65e4dba4521258d99d14d\" class=\"py-6 py-md-8 \">\n            <div class=\"container\">\n            <div class=\"row\">\n                <div class=\"col-12\">\n                                            <div class=\"text-start \">\n                                                                                        <div class=\"text-editor fs-md\">\n                                    <p><b>Paris, le 27 novembre 2025<\/b><span style=\"font-weight: 400;\"> &#8211; Deux ans apr\u00e8s l&rsquo;explosion de l&rsquo;IA g\u00e9n\u00e9rative, les entreprises du retail et de l&rsquo;e-commerce font face \u00e0 une acc\u00e9l\u00e9ration technologique sans pr\u00e9c\u00e9dent. Entre l&rsquo;\u00e9mergence de nouveaux canaux de vente conversationnels, les exigences croissantes en mati\u00e8re de durabilit\u00e9 et la transformation profonde du r\u00f4le de l&rsquo;IT, 2026 s&rsquo;annonce comme une ann\u00e9e charni\u00e8re. Leader mondial de la gestion de l&rsquo;exp\u00e9rience produit (PXM), <\/span><a href=\"https:\/\/www.akeneo.com\/\"><span style=\"font-weight: 400;\">Akeneo<\/span><\/a><span style=\"font-weight: 400;\"> d\u00e9voile aujourd&rsquo;hui les grandes tendances qui devraient fa\u00e7onner le retail en 2026.<\/span><\/p>\n<p><b>L&rsquo;IA conversationnelle et agentique : le nouveau terrain de bataille commercial<\/b><\/p>\n<p><span style=\"font-weight: 400;\">L&rsquo;engouement autour de l&rsquo;IA dans le commerce ne fait que commencer et son usage devrait s\u2019acc\u00e9l\u00e9rer dans les mois qui viennent. En effet, les Fran\u00e7ais sont de plus en plus nombreux \u00e0 se servir de l\u2019IA pour organiser leurs achats ou lui confier certaines commandes : selon une <\/span><a href=\"https:\/\/www.akeneo.com\/white-paper\/the-evolution-of-the-modern-shopper\/\"><span style=\"font-weight: 400;\">r\u00e9cente \u00e9tude Akeneo<\/span><\/a><span style=\"font-weight: 400;\"> sur l\u2019\u00e9volution du consommateur moderne, <\/span><b>68% seraient int\u00e9ress\u00e9s d\u2019interagir avec un chatbot ou un agent d\u2019IA pour b\u00e9n\u00e9ficier de conseils personnalis\u00e9s fournis par l\u2019intelligence artificielle.<\/b><span style=\"font-weight: 400;\"> ChatGPT, Claude ou Perplexity ne sont plus de simples outils de recherche : ils deviennent des interfaces de vente \u00e0 part enti\u00e8re.<\/span><\/p>\n<p><i><span style=\"font-weight: 400;\">\u00ab\u00a0Au-del\u00e0 de l&rsquo;achat assist\u00e9 par IA, une r\u00e9volution plus profonde se dessine : l&rsquo;IA agentique prendra directement des d\u00e9cisions d&rsquo;achat pour le compte des consommateurs<\/span><\/i><span style=\"font-weight: 400;\">\u201d<\/span><i><span style=\"font-weight: 400;\">, <\/span><\/i><span style=\"font-weight: 400;\">analyse <\/span><b>Romain Fouache, CEO d&rsquo;Akeneo.<\/b><span style=\"font-weight: 400;\"> \u201c<\/span><i><span style=\"font-weight: 400;\">M\u00eame si ce sc\u00e9nario n&rsquo;est pas encore d&rsquo;actualit\u00e9, les entreprises doivent s&rsquo;y pr\u00e9parer d\u00e8s maintenant. C&rsquo;est un enjeu majeur pour l&rsquo;ann\u00e9e \u00e0 venir.\u00a0\u00bb<\/span><\/i><\/p>\n<p><span style=\"font-weight: 400;\">Pour \u00eatre visibles dans ces nouveaux parcours guid\u00e9s par l&rsquo;IA, les marques doivent structurer leurs donn\u00e9es produits avec une pr\u00e9cision in\u00e9dite et structurer leur GEO (Generative Engine Optimization). Par exemple, un sac en cuir recycl\u00e9, fabriqu\u00e9 en Europe, disponible en seconde main ne sera recommand\u00e9 par l&rsquo;IA que si ces attributs sont correctement renseign\u00e9s et accessibles. La qualit\u00e9 des donn\u00e9es produits devient le premier levier de visibilit\u00e9 commerciale.<\/span><\/p>\n<p><b>De la d\u00e9claration \u00e0 la preuve : la durabilit\u00e9 devient tangible et mesurable<\/b><\/p>\n<p><span style=\"font-weight: 400;\">La durabilit\u00e9 n&rsquo;est plus une simple \u00ab\u00a0bonne id\u00e9e\u00a0\u00bb : elle devient un pr\u00e9requis strat\u00e9gique. Les consommateurs ne se contentent plus de labels verts mais exigent d\u00e9sormais des preuves tangibles de l&rsquo;impact environnemental des produits qu&rsquo;ils ach\u00e8tent.<\/span><\/p>\n<p><span style=\"font-weight: 400;\">L&rsquo;entr\u00e9e en vigueur, le 1er octobre 2025, de l&rsquo;\u00c9co-score textile illustre parfaitement cette transformation. Ce dispositif impose aux marques de collecter, structurer et exposer des donn\u00e9es pr\u00e9cises sur l&rsquo;impact environnemental de leurs produits : mati\u00e8res, transport, teinture, fin de vie. Un tournant op\u00e9rationnel majeur qui rend impossible toute conformit\u00e9 sans un syst\u00e8me robuste de gestion des donn\u00e9es produits.<\/span><\/p>\n<p><i><span style=\"font-weight: 400;\">\u00ab\u00a0Le d\u00e9fi de 2026 sera de transformer la donn\u00e9e de durabilit\u00e9 en exp\u00e9rience produit engageante. Les attributs classiques (mati\u00e8res, dimensions, couleurs\u2026) ne suffisent plus : les marques doivent int\u00e9grer la dimension \u00ab\u00a0impact\u00a0\u00bb dans leurs fiches produits\u201d,<\/span><\/i><span style=\"font-weight: 400;\"> explique <\/span><b>Virginie Blot, Senior Principal Product Marketing Manager chez Akeneo<\/b><span style=\"font-weight: 400;\">. \u201c<\/span><i><span style=\"font-weight: 400;\">Mais cette information reste brute et illisible pour le consommateur final. Le v\u00e9ritable enjeu est de r\u00e9enchanter la transparence : donner du sens \u00e0 la tra\u00e7abilit\u00e9 et l&rsquo;int\u00e9grer au narratif de la marque.\u00a0\u00bb<\/span><\/i><\/p>\n<p><b>La circularit\u00e9 et la seconde main occuperont une place pr\u00e9pond\u00e9rante<\/b><\/p>\n<p><span style=\"font-weight: 400;\">Le mod\u00e8le lin\u00e9aire \u00ab\u00a0produire &#8211; vendre &#8211; jeter\u00a0\u00bb touche \u00e0 sa fin. La revente, la location, la r\u00e9paration et la circularit\u00e9 deviennent des standards dans les strat\u00e9gies retail. Mais au-del\u00e0 de l&rsquo;op\u00e9rationnel, se pose la question de l&rsquo;exp\u00e9rience : comment raconter, qualifier et valoriser les produits de seconde main ?<\/span><\/p>\n<p><span style=\"font-weight: 400;\">Les comportements d\u2019achat deviennent de plus en plus polaris\u00e9s, entre volont\u00e9 de consommation et imp\u00e9ratif de durabilit\u00e9. En parall\u00e8le, les recherches aliment\u00e9es par les outils d&rsquo;IA amplifient ce besoin. Les consommateurs formulent d\u00e9sormais des requ\u00eates extr\u00eamement pr\u00e9cises concernant leurs envies, et les marques qui ne communiquent pas ces attributs passent sous le radar des moteurs IA.<\/span><\/p>\n<p><i><span style=\"font-weight: 400;\">\u00ab\u00a0La communication sur la seconde main est aussi strat\u00e9gique que celle sur la durabilit\u00e9 : il s&rsquo;agit de rendre les produits revendables et d\u00e9couvrables dans ce nouvel \u00e9cosyst\u00e8me d&rsquo;intention d&rsquo;achat guid\u00e9 par l&rsquo;IA\u00a0\u00bb<\/span><\/i><span style=\"font-weight: 400;\">, pr\u00e9cise Virginie Blot.\u00a0<\/span><\/p>\n<p><b>Vers une collaboration humain\/technologie accrue au service de la durabilit\u00e9<\/b><\/p>\n<p><span style=\"font-weight: 400;\">Chez Akeneo, la conviction est claire : la durabilit\u00e9 ne peut \u00eatre un simple suppl\u00e9ment d&rsquo;\u00e2me. Elle doit \u00eatre int\u00e9gr\u00e9e, mesurable, activ\u00e9e via les donn\u00e9es produits. Les entreprises qui renforceront leur comp\u00e9titivit\u00e9 et leur croissance en 2026 seront celles qui alignent produit, donn\u00e9es, canal et impact.<\/span><\/p>\n<p><i><span style=\"font-weight: 400;\">\u00ab\u00a0La gestion de l&rsquo;exp\u00e9rience produit devient un pilier strat\u00e9gique de la durabilit\u00e9 comme de la performance commerciale. La donn\u00e9e produit n&rsquo;est plus simplement une fiche technique : elle devient l&rsquo;infrastructure de conformit\u00e9, de visibilit\u00e9 commerciale et de diff\u00e9renciation durable\u00a0\u00bb<\/span><\/i><span style=\"font-weight: 400;\">, conclut Virginie Blot.<\/span><\/p>\n<p>&nbsp;<\/p>\n<p><b>La qualit\u00e9 des donn\u00e9es : imp\u00e9ratif absolu pour \u00e9viter les hallucinations de l&rsquo;IA<\/b><\/p>\n<p><span style=\"font-weight: 400;\">Des donn\u00e9es de mauvaise qualit\u00e9 entra\u00eenent des \u00ab\u00a0hallucinations\u00a0\u00bb des outils d&rsquo;IA. Les entreprises doivent fournir des donn\u00e9es structur\u00e9es, accessibles et de haute qualit\u00e9 pour que leurs produits puissent \u00eatre vendus, notamment avec l&rsquo;\u00e9mergence du e-commerce conversationnel via ChatGPT ou Gemini.<\/span><\/p>\n<p><i><span style=\"font-weight: 400;\">\u00ab\u00a0C&rsquo;est directement li\u00e9 \u00e0 l&rsquo;IA : sans donn\u00e9es de qualit\u00e9, pas de performance\u201d<\/span><\/i><span style=\"font-weight: 400;\">, insiste <\/span><b>Beno\u00eet Jacquemont, cofondateur et CTO d\u2019Akeneo<\/b><span style=\"font-weight: 400;\">. <\/span><i><span style=\"font-weight: 400;\">\u201cLes entreprises doivent absolument structurer leurs informations produits pour rester visibles et comp\u00e9titives\u00a0\u00bb.<\/span><\/i><\/p>\n<p>&nbsp;<\/p>\n<p><b>L&rsquo;IT deviendra un acteur commercial de premier plan<\/b><\/p>\n<p><span style=\"font-weight: 400;\">Avec l&rsquo;automatisation croissante du commerce, l&rsquo;IT n&rsquo;est plus simplement cr\u00e9ateur de \u00ab\u00a0tuyaux\u00a0\u00bb. Elle devient l&rsquo;un des fers de lance du revenu lui-m\u00eame. Une transformation profonde du r\u00f4le de l&rsquo;IT en entreprise s&rsquo;op\u00e8re.<\/span><\/p>\n<p><i><span style=\"font-weight: 400;\">\u00ab\u00a0Nous observons une division des employ\u00e9s en deux populations : celles qui ont une utilisation tr\u00e8s avanc\u00e9e de l&rsquo;IA et celles encore r\u00e9ticentes\u201d,<\/span><\/i><span style=\"font-weight: 400;\"> analyse <\/span><b>Beno\u00eet Jacquemont<\/b><span style=\"font-weight: 400;\">. <\/span><i><span style=\"font-weight: 400;\">\u201cCette situation cr\u00e9e un foss\u00e9 et des incompr\u00e9hensions au sein des \u00e9quipes. L&rsquo;IT doit accompagner ce changement \u00e0 une vitesse in\u00e9dite, car la r\u00e9volution de l&rsquo;IA se d\u00e9roule sur deux ou trois ans seulement.\u00a0\u00bb<\/span><\/i><\/p>\n<p><span style=\"font-weight: 400;\">Cette transformation s&rsquo;accompagne de d\u00e9fis techniques majeurs :<\/span><\/p>\n<ul>\n<li style=\"font-weight: 400;\" aria-level=\"1\"><b>La centralisation des donn\u00e9es<\/b><span style=\"font-weight: 400;\"> : de nombreux outils modernes cr\u00e9ent un \u00ab\u00a0protectionnisme\u00a0\u00bb des donn\u00e9es qui entrave la capacit\u00e9 des agents IA \u00e0 dig\u00e9rer et synth\u00e9tiser l&rsquo;information pour la prise de d\u00e9cision. L&rsquo;enjeu : permettre aux agents d&rsquo;acc\u00e9der aux donn\u00e9es tout en garantissant la s\u00e9curit\u00e9 et la tra\u00e7abilit\u00e9 des actions.<\/span><\/li>\n<li style=\"font-weight: 400;\" aria-level=\"1\"><b>La vitesse de transformation<\/b><span style=\"font-weight: 400;\"> : l&rsquo;\u00e9volution rapide des outils d&rsquo;IA rend les engagements pluriannuels sur les contrats SaaS risqu\u00e9s, une pratique pourtant courante de l&rsquo;IT. <\/span><i><span style=\"font-weight: 400;\">\u00ab\u00a0Cela nous oblige \u00e0 suivre les \u00e9volutions du march\u00e9 au mois pr\u00e8s et \u00e0 accorder plus d&rsquo;autonomie aux \u00e9quipes pour le choix des outils\u00a0\u00bb<\/span><\/i><span style=\"font-weight: 400;\">, explique Beno\u00eet Jacquemont.<\/span><\/li>\n<\/ul>\n\n                                                                    <\/div>\n                                                    <\/div>\n                                        <\/div>\n            <\/div>\n        <\/div>\n    <\/section>\n\n\n\n<section id=\"content-block_5c0e8835c5de6c0ea1822fda17691fb6\" class=\"py-6 py-md-8 \">\n            <div class=\"container\">\n            <div class=\"row\">\n                <div class=\"col-12\">\n                                            <div class=\"text-start \">\n                                                                                                <h2>A propos d\u2019Akeneo<\/h2>\n                                                                                                                        <div class=\"text-editor fs-md\">\n                                    <p>Akeneo est un leader mondial des solutions de gestion de l\u2019information produit (PIM) qui permettent aux distributeurs et marques d\u2019offrir une exp\u00e9rience client coh\u00e9rente et enrichie \u00e0 travers tous les canaux de vente : des sites e-commerce, aux applications mobiles, en passant par les catalogues papiers et points de vente. Les solutions open source PIM d\u2019Akeneo am\u00e9liorent consid\u00e9rablement la qualit\u00e9 et la pr\u00e9cision des donn\u00e9es tout en simplifiant et en acc\u00e9l\u00e9rant la gestion des catalogues de produits. Des marques mondiales de premier plan telles que Sephora, Carrefour, Nuxe, et Auchan, font confiance aux solutions d\u2019Akeneo pour g\u00e9rer leurs informations produits et accompagner leur d\u00e9veloppement omnicanal. Ainsi, elles am\u00e9liorent l\u2019exp\u00e9rience client, augmentent leurs ventes, r\u00e9duisent le temps de mise sur le march\u00e9 et augmentent la productivit\u00e9 de leurs \u00e9quipes marketing.<\/p>\n<p>Akeneo est bas\u00e9 en France, aux \u00c9tats-Unis, en Allemagne, au Royaume-Uni, en Espagne et en Isra\u00ebl. Pour plus d\u2019informations, visitez https:\/\/www.akeneo.com ou contactez\u00a0<a href=\"mailto:hello@akeneo.com\">hello@akeneo.com<\/a><\/p>\n\n                                                                    <\/div>\n                                                    <\/div>\n                                        <\/div>\n            <\/div>\n        <\/div>\n    <\/section>\n\n\n\n<section id=\"content-block_ee5b30112e77146a1da1f85fda9804b7\" class=\"py-6 py-md-8 \">\n            <div class=\"container\">\n            <div class=\"row\">\n                <div class=\"col-12\">\n                                            <div class=\"text-start \">\n                                                                                        <div class=\"text-editor fs-md\">\n                                    <p><b>Contact presse :\u00a0<\/b><\/p>\n<p><a href=\"mailto:Akeneo@rumeurpublique.fr\"><span style=\"font-weight: 400;\">akeneo@rumeurpublique.fr<\/span><\/a><\/p>\n\n                                                                    <\/div>\n                                                    <\/div>\n                                        <\/div>\n            <\/div>\n        <\/div>\n    <\/section>\n","protected":false},"excerpt":{"rendered":"<p>Akeneo, l\u2019entreprise fran\u00e7aise de gestion de l\u2019information produit (PIM) et de l&rsquo;exp\u00e9rience produit (PX) partage aujourd&rsquo;hui sa vision sur les grandes tendances pour 2026 dans les secteurs du retail, de l&rsquo;e-commerce et de l&rsquo;IT.<\/p>\n","protected":false},"featured_media":0,"menu_order":0,"template":"","class_list":["post-66101","ak-pr","type-ak-pr","status-publish","hentry"],"acf":[],"yoast_head":"<!-- This site is optimized with the Yoast SEO Premium plugin v27.4 (Yoast SEO v27.4) - https:\/\/yoast.com\/product\/yoast-seo-premium-wordpress\/ -->\n<title>2026 : l\u2019essor du commerce conversationnel place la donn\u00e9e produit au c\u0153ur de la comp\u00e9titivit\u00e9 des marques\u00a0 | Akeneo<\/title>\n<meta name=\"robots\" content=\"index, follow, max-snippet:-1, max-image-preview:large, max-video-preview:-1\" \/>\n<link rel=\"canonical\" href=\"https:\/\/www.akeneo.com\/fr\/press-release\/predictions-2026\/\" \/>\n<meta property=\"og:locale\" content=\"fr_FR\" \/>\n<meta property=\"og:type\" content=\"article\" \/>\n<meta property=\"og:title\" content=\"2026 : l\u2019essor du commerce conversationnel place la donn\u00e9e produit au c\u0153ur de la comp\u00e9titivit\u00e9 des marques\u00a0\" \/>\n<meta property=\"og:description\" content=\"Akeneo, l\u2019entreprise fran\u00e7aise de gestion de l\u2019information produit (PIM) et de l&#039;exp\u00e9rience produit (PX) partage aujourd&#039;hui sa vision sur les grandes tendances pour 2026 dans les secteurs du retail, de l&#039;e-commerce et de l&#039;IT.\" \/>\n<meta property=\"og:url\" content=\"https:\/\/www.akeneo.com\/fr\/press-release\/predictions-2026\/\" \/>\n<meta property=\"og:site_name\" content=\"Akeneo\" \/>\n<meta property=\"article:modified_time\" content=\"2026-02-18T08:40:59+00:00\" \/>\n<meta property=\"og:image\" content=\"https:\/\/www.akeneo.com\/wp-content\/uploads\/2024\/11\/generic_featuredimage_1200x1200.png\" \/>\n\t<meta property=\"og:image:width\" content=\"1200\" \/>\n\t<meta property=\"og:image:height\" content=\"1200\" \/>\n\t<meta property=\"og:image:type\" content=\"image\/png\" \/>\n<meta name=\"twitter:card\" content=\"summary_large_image\" \/>\n<script type=\"application\/ld+json\" class=\"yoast-schema-graph\">{\"@context\":\"https:\\\/\\\/schema.org\",\"@graph\":[{\"@type\":\"WebPage\",\"@id\":\"https:\\\/\\\/www.akeneo.com\\\/fr\\\/press-release\\\/predictions-2026\\\/\",\"url\":\"https:\\\/\\\/www.akeneo.com\\\/fr\\\/press-release\\\/predictions-2026\\\/\",\"name\":\"2026 : l\u2019essor du commerce conversationnel place la donn\u00e9e produit au c\u0153ur de la comp\u00e9titivit\u00e9 des marques\u00a0 | Akeneo\",\"isPartOf\":{\"@id\":\"https:\\\/\\\/www.akeneo.com\\\/fr\\\/#website\"},\"datePublished\":\"2026-02-17T13:28:59+00:00\",\"dateModified\":\"2026-02-18T08:40:59+00:00\",\"inLanguage\":\"fr-FR\",\"potentialAction\":[{\"@type\":\"ReadAction\",\"target\":[\"https:\\\/\\\/www.akeneo.com\\\/fr\\\/press-release\\\/predictions-2026\\\/\"]}]},{\"@type\":\"WebSite\",\"@id\":\"https:\\\/\\\/www.akeneo.com\\\/fr\\\/#website\",\"url\":\"https:\\\/\\\/www.akeneo.com\\\/fr\\\/\",\"name\":\"Akeneo\",\"description\":\"\",\"publisher\":{\"@id\":\"https:\\\/\\\/www.akeneo.com\\\/fr\\\/#organization\"},\"potentialAction\":[{\"@type\":\"SearchAction\",\"target\":{\"@type\":\"EntryPoint\",\"urlTemplate\":\"https:\\\/\\\/www.akeneo.com\\\/fr\\\/?s={search_term_string}\"},\"query-input\":{\"@type\":\"PropertyValueSpecification\",\"valueRequired\":true,\"valueName\":\"search_term_string\"}}],\"inLanguage\":\"fr-FR\"},{\"@type\":\"Organization\",\"@id\":\"https:\\\/\\\/www.akeneo.com\\\/fr\\\/#organization\",\"name\":\"Akeneo\",\"url\":\"https:\\\/\\\/www.akeneo.com\\\/fr\\\/\",\"logo\":{\"@type\":\"ImageObject\",\"inLanguage\":\"fr-FR\",\"@id\":\"https:\\\/\\\/www.akeneo.com\\\/fr\\\/#\\\/schema\\\/logo\\\/image\\\/\",\"url\":\"https:\\\/\\\/www.akeneo.com\\\/wp-content\\\/uploads\\\/2019\\\/08\\\/logo-kjus.png\",\"contentUrl\":\"https:\\\/\\\/www.akeneo.com\\\/wp-content\\\/uploads\\\/2019\\\/08\\\/logo-kjus.png\",\"width\":1,\"height\":1,\"caption\":\"Akeneo\"},\"image\":{\"@id\":\"https:\\\/\\\/www.akeneo.com\\\/fr\\\/#\\\/schema\\\/logo\\\/image\\\/\"}}]}<\/script>\n<!-- \/ Yoast SEO Premium plugin. -->","yoast_head_json":{"title":"2026 : l\u2019essor du commerce conversationnel place la donn\u00e9e produit au c\u0153ur de la comp\u00e9titivit\u00e9 des marques\u00a0 | Akeneo","robots":{"index":"index","follow":"follow","max-snippet":"max-snippet:-1","max-image-preview":"max-image-preview:large","max-video-preview":"max-video-preview:-1"},"canonical":"https:\/\/www.akeneo.com\/fr\/press-release\/predictions-2026\/","og_locale":"fr_FR","og_type":"article","og_title":"2026 : l\u2019essor du commerce conversationnel place la donn\u00e9e produit au c\u0153ur de la comp\u00e9titivit\u00e9 des marques\u00a0","og_description":"Akeneo, l\u2019entreprise fran\u00e7aise de gestion de l\u2019information produit (PIM) et de l'exp\u00e9rience produit (PX) partage aujourd'hui sa vision sur les grandes tendances pour 2026 dans les secteurs du retail, de l'e-commerce et de l'IT.","og_url":"https:\/\/www.akeneo.com\/fr\/press-release\/predictions-2026\/","og_site_name":"Akeneo","article_modified_time":"2026-02-18T08:40:59+00:00","og_image":[{"width":1200,"height":1200,"url":"https:\/\/www.akeneo.com\/wp-content\/uploads\/2024\/11\/generic_featuredimage_1200x1200.png","type":"image\/png"}],"twitter_card":"summary_large_image","schema":{"@context":"https:\/\/schema.org","@graph":[{"@type":"WebPage","@id":"https:\/\/www.akeneo.com\/fr\/press-release\/predictions-2026\/","url":"https:\/\/www.akeneo.com\/fr\/press-release\/predictions-2026\/","name":"2026 : l\u2019essor du commerce conversationnel place la donn\u00e9e produit au c\u0153ur de la comp\u00e9titivit\u00e9 des marques\u00a0 | Akeneo","isPartOf":{"@id":"https:\/\/www.akeneo.com\/fr\/#website"},"datePublished":"2026-02-17T13:28:59+00:00","dateModified":"2026-02-18T08:40:59+00:00","inLanguage":"fr-FR","potentialAction":[{"@type":"ReadAction","target":["https:\/\/www.akeneo.com\/fr\/press-release\/predictions-2026\/"]}]},{"@type":"WebSite","@id":"https:\/\/www.akeneo.com\/fr\/#website","url":"https:\/\/www.akeneo.com\/fr\/","name":"Akeneo","description":"","publisher":{"@id":"https:\/\/www.akeneo.com\/fr\/#organization"},"potentialAction":[{"@type":"SearchAction","target":{"@type":"EntryPoint","urlTemplate":"https:\/\/www.akeneo.com\/fr\/?s={search_term_string}"},"query-input":{"@type":"PropertyValueSpecification","valueRequired":true,"valueName":"search_term_string"}}],"inLanguage":"fr-FR"},{"@type":"Organization","@id":"https:\/\/www.akeneo.com\/fr\/#organization","name":"Akeneo","url":"https:\/\/www.akeneo.com\/fr\/","logo":{"@type":"ImageObject","inLanguage":"fr-FR","@id":"https:\/\/www.akeneo.com\/fr\/#\/schema\/logo\/image\/","url":"https:\/\/www.akeneo.com\/wp-content\/uploads\/2019\/08\/logo-kjus.png","contentUrl":"https:\/\/www.akeneo.com\/wp-content\/uploads\/2019\/08\/logo-kjus.png","width":1,"height":1,"caption":"Akeneo"},"image":{"@id":"https:\/\/www.akeneo.com\/fr\/#\/schema\/logo\/image\/"}}]}},"_links":{"self":[{"href":"https:\/\/www.akeneo.com\/fr\/wp-json\/wp\/v2\/ak-pr\/66101","targetHints":{"allow":["GET"]}}],"collection":[{"href":"https:\/\/www.akeneo.com\/fr\/wp-json\/wp\/v2\/ak-pr"}],"about":[{"href":"https:\/\/www.akeneo.com\/fr\/wp-json\/wp\/v2\/types\/ak-pr"}],"wp:attachment":[{"href":"https:\/\/www.akeneo.com\/fr\/wp-json\/wp\/v2\/media?parent=66101"}],"curies":[{"name":"wp","href":"https:\/\/api.w.org\/{rel}","templated":true}]}}