{"id":42406,"date":"2023-02-09T14:00:12","date_gmt":"2023-02-09T14:00:12","guid":{"rendered":"https:\/\/www.akeneo.com\/?ak-pr=akeneo-nomination-amazon-vice-president-tim-kohn"},"modified":"2024-07-04T06:48:42","modified_gmt":"2024-07-04T06:48:42","slug":"akeneo-nomination-amazon-vice-president-tim-kohn","status":"publish","type":"ak-pr","link":"https:\/\/www.akeneo.com\/fr\/press-release\/akeneo-nomination-amazon-vice-president-tim-kohn\/","title":{"rendered":"Akeneo nomme l&rsquo;ancien vice-pr\u00e9sident d&rsquo;Amazon Tim Kohn au poste de Technology and Product Advisor"},"content":{"rendered":"       \n  \n<section id=\"hero-block_b54b00f9164214e2780d6e0a0c5b5006\" class=\"hero hero-blue py-0\">\n            <div class=\"container\">\n            <div class=\"row\">\n                <div class=\"col-12\">\n                    <div class=\"hero-inner\">\n                        <div class=\"row\">\n                            <div class=\"col-md-10 col-lg-8 mx-md-auto\">\n                                <div class=\"hero-content text-center\">\n                                    <p class=\"hero-meta\">\n                                        <span>F\u00e9v 09, 2023<\/span>\n                                    <\/p>\n                                                                            <div class=\"hero-logo\" style=\"margin: 0 auto 20px;\">\n                                            <img decoding=\"async\" src=\"https:\/\/www.akeneo.com\/wp-content\/themes\/akeneo\/assets\/images\/content\/akeneo-icon-logo.svg\" alt=\"akeneo-logo\">\n                                        <\/div>\n                                                                        <h1 class=\"hero-title\">Akeneo nomme l&rsquo;ancien vice-pr\u00e9sident d&rsquo;Amazon Tim Kohn au poste de Technology and Product Advisor<\/h1>\n                                    <div class=\"hero-text\">\n                                        <p>\n                                                                                            Avec une expertise \u00e9prouv\u00e9e dans la mise \u00e0 l&rsquo;\u00e9chelle de syst\u00e8mes et d&rsquo;organisations en hyper-croissance, Tim Kohn mettra en synergie les d\u00e9veloppements d&rsquo;Akeneo Product Cloud                                                                                    <\/p>\n                                    <\/div>\n                                <\/div>\n                            <\/div>\n                        <\/div>\n                    <\/div>\n                <\/div>\n            <\/div>\n        <\/div>\n    <\/section>\n  \n<div class=\"whitepapers-desc\"><\/div><div class=\"mb-2\"><b>BOSTON &#8211; 9 F\u00e9vrier 2023 <\/b><span style=\"font-weight: 400;\">&#8211; <\/span><a href=\"https:\/\/www.akeneo.com\/\"><span style=\"font-weight: 400;\">Akeneo<\/span><\/a><span style=\"font-weight: 400;\">, la soci\u00e9t\u00e9 sp\u00e9cialis\u00e9e dans l&rsquo;exp\u00e9rience produit, annonce la nomination de l&rsquo;ancien Technology and Product Vice President, d&rsquo;Amazon, Tim Kohn, au poste de<\/span> <span style=\"font-weight: 400;\">Technology and Product Advisor chez Akeneo. Dans ses nouvelles fonctions, Tim Kohn servira de mentor \u00e0 l&rsquo;\u00e9quipe d&rsquo;ing\u00e9nierie d&rsquo;Akeneo et contribuera directement au d\u00e9veloppement des offres d\u2019<\/span><a href=\"https:\/\/www.akeneo.com\/press-release\/akeneo-announces-category-changing-offering-akeneo-product-cloud-designed-to-deliver-world-class-product-experiences\/\"><span style=\"font-weight: 400;\">Akeneo Product Cloud<\/span><\/a><span style=\"font-weight: 400;\">.<\/span>\r\n\r\n&nbsp;\r\n\r\n<span style=\"font-weight: 400;\">Akeneo Product Cloud est con\u00e7u pour servir de technologie permettant aux dirigeants, leaders de l&rsquo;exp\u00e9rience produit (PX) d&rsquo;ex\u00e9cuter leur strat\u00e9gie d\u2019exp\u00e9rience produit, par notamment la consolidation, l\u2019orchestration et l\u2019optimisation de tous les composants qui participent \u00e0 la cr\u00e9ation d&rsquo;une histoire produit coh\u00e9rente \u00e0 chaque \u00e9tape du parcours client.<\/span>\r\n\r\n<span style=\"font-weight: 400;\">Tim Kohn s&rsquo;appuiera sur ses ann\u00e9es d\u2019exp\u00e9rience chez Amazon afin d\u2019aider \u00e0 d\u00e9velopper des strat\u00e9gies de pointe en mati\u00e8re de produits et de technologies. Il formera \u00e9galement les leaders d&rsquo;\u00e9quipe sur les processus optimaux qui am\u00e9lioreront le lancement de l&rsquo;offre Product Data Platform (PDP) de l&rsquo;entreprise. La Product Data Platform d&rsquo;Akeneo sera ainsi compos\u00e9e d&rsquo;un catalogue produits de r\u00e9f\u00e9rence et dynamique, et de puissantes capacit\u00e9s d&rsquo;analyse des performances pour accro\u00eetre encore l&rsquo;engagement de la marque.<\/span>\r\n\r\n<i><span style=\"font-weight: 400;\">\u00ab\u00a0Tim est un formidable expert technologique et produit, et nous sommes ravis qu&rsquo;il rejoigne Akeneo pour que l&rsquo;entreprise b\u00e9n\u00e9ficie d&rsquo;un profil de son envergure, reconnu dans l&rsquo;industrie\u00a0\u00bb<\/span><\/i><span style=\"font-weight: 400;\">, a d\u00e9clar\u00e9 Nicolas Dupont, co-fondateur et CPO d&rsquo;Akeneo.<\/span><\/div>  \n  \n<section class=\"py-6 py-md-6\">\n    <div class=\"container\">\n        <div class=\"row\">\n            <div class=\"col-12\">\n                <div class=\"testimonial-card testimonial-card-has-quotes\">\n                                            <blockquote class=\"testimonial-card-quote\">\n                            <p>L&rsquo;expertise de Tim dans laccompagnement d\u00e9diteurs de logiciels  \u00e0 forte croissance aidera Akeneo \u00e0 d\u00e9velopper une \u00e9quipe d&rsquo;\u00e9lite innovante et qui r\u00e9imagine les capacit\u00e9s de notre Product Cloud.<\/p>\n                        <\/blockquote>\n                                        <div class=\"author\">\n                                                                    <\/div>\n                <\/div>\n            <\/div>\n        <\/div>\n    <\/div>\n<\/section>\n<div class=\"mb-2\"><span style=\"font-weight: 400;\">La carri\u00e8re de Tim Kohn a d\u00e9but\u00e9 en 1997, alors qu\u2019il faisait partie des 20 premiers d\u00e9veloppeurs de logiciels d&rsquo;Amazon. Il a depuis mont\u00e9 des \u00e9quipes de plus de 1 000 personnes pendant les phases critiques de la croissance de l&rsquo;entreprise. Tim Kohn a r\u00e9cemment occup\u00e9 le poste de vice-pr\u00e9sident de la technologie d&rsquo;exp\u00e9rience vid\u00e9o chez Prime Video, o\u00f9 il \u00e9tait responsable de l&rsquo;application Prime Video sur toutes les plateformes, de sa commercialisation, de la d\u00e9couverte de contenu, des recommandations personnalis\u00e9es et de la conformit\u00e9 du contenu. Auparavant, Tim Kohn \u00e9tait vice-pr\u00e9sident du Networking et d\u2019Amazon Web Services, o\u00f9 il g\u00e9rait tous les aspects du r\u00e9seau Amazon, y compris les conceptions de r\u00e9seau, le d\u00e9veloppement de mat\u00e9riel et de logiciels, les op\u00e9rations et le d\u00e9veloppement commercial de l&rsquo;interconnexion r\u00e9seau. Avant ses fonctions de vice-pr\u00e9sident, Tim Kohn a travaill\u00e9 pour Amazon.com, et a supervis\u00e9 la classification des produits, l&rsquo;audit des donn\u00e9es produits et le d\u00e9veloppement de techniques algorithmiques ayant pour objectif d\u2019am\u00e9liorer la qualit\u00e9 des donn\u00e9es.<\/span>\r\n\r\n<i><span style=\"font-weight: 400;\">\u00ab\u00a0Je suis impressionn\u00e9 par la fa\u00e7on dont Akeneo Product Cloud active les exp\u00e9riences sur tous les canaux du parcours client pour assurer une conversion \u00e9lev\u00e9e des visiteurs en acheteurs, augmenter les revenus et les marges mais aussi r\u00e9duire les retours pour les marques et retailers\u00a0\u00bb<\/span><\/i><span style=\"font-weight: 400;\">, a d\u00e9clar\u00e9 Tim Kohn. <\/span><i><span style=\"font-weight: 400;\">\u00ab\u00a0L&rsquo;hybridation du commerce s&rsquo;acc\u00e9l\u00e8re et les marques doivent davantage exploiter la d\u00e9couverte, la recherche, les ventes transactionnelles et la d\u00e9fense des int\u00e9r\u00eats des clients pour acc\u00e9l\u00e9rer les initiatives de croissance de leur entreprise. Je suis donc impatient de soutenir la demande croissante pour les offres de premiers plan d\u2019Akeneo d\u00e9di\u00e9es \u00e0 la gestion des donn\u00e9es produits et l&rsquo;analyse des performances.\u00a0<\/span><\/i><\/div>  \n<section id=\"cta-block_ca0e4404a30c0576280a34210c000762\" class=\"py-4\">\n    <div class=\"container\">\n        <div class=\"row\">\n            <div class=\"col-12\">\n                <div class=\"cta   \">\n                                            <h4 class=\"cta-title mb-0\">Want to read it?<\/h4>\n                                                                <div class=\"cta-buttons\">\n                                                            <div>\n                                                                    <\/div>\n                                                    <\/div>\n                                    <\/div>\n            <\/div>\n        <\/div>\n    <\/div>\n<\/section><section id=\"content-block_a80cfd690b2195acc4320c0503275d31\" class=\"p-3 p-md-6 mt-3 bg-body rounded-4 shadow\">\n            <h2>A propos d\u2019Akeneo<\/h2>\n                <div class=\"text-editor mt-3\">\n            <p><p><span style=\"font-weight: 400;\">Akeneo propose une solution SaaS de Commerce Composable permettant de g\u00e9rer, orchestrer, activer et optimiser l&rsquo;ensemble des composants d&rsquo;un produit afin de diffuser des exp\u00e9riences produits convaincantes et coh\u00e9rentes sur tous les canaux de vente. Gr\u00e2ce \u00e0 sa plateforme ouverte, \u00e0 son PIM de pointe pour la gestion des donn\u00e9es produits et des contenus num\u00e9riques, et \u00e0 la connectivit\u00e9 de son \u00e9cosyst\u00e8me gr\u00e2ce \u00e0 Akeneo App Store, Akeneo Product Cloud permet aux entreprises de proposer des exp\u00e9riences produits qui stimulent les initiatives de croissance.<\/span><\/p>\n<p><span style=\"font-weight: 400;\">Les leaders internationaux, fabricants, distributeurs et retailers, comme Accor, Nature &amp; D\u00e9couvertes, Electro D\u00e9p\u00f4t, Fossil, SMCP ou Tarkett font confiance \u00e0 Akeneo pour faire \u00e9voluer et personnaliser leurs strat\u00e9gies de vente omnicanales et internationales. Gr\u00e2ce \u00e0 Akeneo Product Cloud, les marques, les retailers et les distributeurs peuvent activer leurs exp\u00e9riences produits sur n&rsquo;importe quel canal, ce qui leur permet d&rsquo;am\u00e9liorer l&rsquo;exp\u00e9rience client quils proposent, d&rsquo;augmenter leurs ventes, de r\u00e9duire leur time-to-market, d&rsquo;acc\u00e9l\u00e9rer leur d\u00e9veloppement \u00e0 linternational et d&rsquo;accro\u00eetre la productivit\u00e9 de leurs \u00e9quipes. Plus dinformations : <\/span><a href=\"https:\/\/www.akeneo.com\/fr\/\"><span style=\"font-weight: 400;\">https:\/\/www.akeneo.com\/fr\/<\/span><\/a><\/p>\n<\/p>\n        <\/div>\n    <\/section>\n","protected":false},"excerpt":{"rendered":"<p>Avec une expertise \u00e9prouv\u00e9e dans la mise \u00e0 l&rsquo;\u00e9chelle de syst\u00e8mes et d&rsquo;organisations en hyper-croissance, Tim Kohn mettra en synergie les d\u00e9veloppements d&rsquo;Akeneo Product Cloud<\/p>\n","protected":false},"featured_media":0,"menu_order":0,"template":"","class_list":["post-42406","ak-pr","type-ak-pr","status-publish","hentry"],"acf":[],"yoast_head":"<!-- This site is optimized with the Yoast SEO Premium plugin v27.4 (Yoast SEO v27.4) - https:\/\/yoast.com\/product\/yoast-seo-premium-wordpress\/ -->\n<title>Akeneo nomme l&#039;ancien vice-pr\u00e9sident d&#039;Amazon Tim Kohn au poste de Technology and Product Advisor | Akeneo<\/title>\n<meta name=\"robots\" content=\"index, follow, max-snippet:-1, max-image-preview:large, max-video-preview:-1\" \/>\n<link rel=\"canonical\" href=\"https:\/\/www.akeneo.com\/fr\/press-release\/akeneo-nomination-amazon-vice-president-tim-kohn\/\" \/>\n<meta property=\"og:locale\" content=\"fr_FR\" \/>\n<meta property=\"og:type\" content=\"article\" \/>\n<meta property=\"og:title\" content=\"Akeneo nomme l&#039;ancien vice-pr\u00e9sident d&#039;Amazon Tim Kohn au poste de Technology and Product Advisor\" \/>\n<meta property=\"og:description\" content=\"Avec une expertise \u00e9prouv\u00e9e dans la mise \u00e0 l&#039;\u00e9chelle de syst\u00e8mes et d&#039;organisations en hyper-croissance, Tim Kohn mettra en synergie les d\u00e9veloppements d&#039;Akeneo Product Cloud\" \/>\n<meta property=\"og:url\" content=\"https:\/\/www.akeneo.com\/fr\/press-release\/akeneo-nomination-amazon-vice-president-tim-kohn\/\" \/>\n<meta property=\"og:site_name\" content=\"Akeneo\" \/>\n<meta property=\"article:modified_time\" content=\"2024-07-04T06:48:42+00:00\" \/>\n<meta property=\"og:image\" content=\"https:\/\/www.akeneo.com\/wp-content\/uploads\/2024\/11\/generic_featuredimage_1200x1200.png\" \/>\n\t<meta property=\"og:image:width\" content=\"1200\" \/>\n\t<meta property=\"og:image:height\" content=\"1200\" \/>\n\t<meta property=\"og:image:type\" content=\"image\/png\" \/>\n<meta name=\"twitter:card\" content=\"summary_large_image\" \/>\n<meta name=\"twitter:label1\" content=\"Dur\u00e9e de lecture estim\u00e9e\" \/>\n\t<meta name=\"twitter:data1\" content=\"3 minutes\" \/>\n<script type=\"application\/ld+json\" class=\"yoast-schema-graph\">{\"@context\":\"https:\\\/\\\/schema.org\",\"@graph\":[{\"@type\":\"WebPage\",\"@id\":\"https:\\\/\\\/www.akeneo.com\\\/fr\\\/press-release\\\/akeneo-nomination-amazon-vice-president-tim-kohn\\\/\",\"url\":\"https:\\\/\\\/www.akeneo.com\\\/fr\\\/press-release\\\/akeneo-nomination-amazon-vice-president-tim-kohn\\\/\",\"name\":\"Akeneo nomme l'ancien vice-pr\u00e9sident d'Amazon Tim Kohn au poste de Technology and Product Advisor | Akeneo\",\"isPartOf\":{\"@id\":\"https:\\\/\\\/www.akeneo.com\\\/fr\\\/#website\"},\"datePublished\":\"2023-02-09T14:00:12+00:00\",\"dateModified\":\"2024-07-04T06:48:42+00:00\",\"inLanguage\":\"fr-FR\",\"potentialAction\":[{\"@type\":\"ReadAction\",\"target\":[\"https:\\\/\\\/www.akeneo.com\\\/fr\\\/press-release\\\/akeneo-nomination-amazon-vice-president-tim-kohn\\\/\"]}]},{\"@type\":\"WebSite\",\"@id\":\"https:\\\/\\\/www.akeneo.com\\\/fr\\\/#website\",\"url\":\"https:\\\/\\\/www.akeneo.com\\\/fr\\\/\",\"name\":\"Akeneo\",\"description\":\"\",\"publisher\":{\"@id\":\"https:\\\/\\\/www.akeneo.com\\\/fr\\\/#organization\"},\"potentialAction\":[{\"@type\":\"SearchAction\",\"target\":{\"@type\":\"EntryPoint\",\"urlTemplate\":\"https:\\\/\\\/www.akeneo.com\\\/fr\\\/?s={search_term_string}\"},\"query-input\":{\"@type\":\"PropertyValueSpecification\",\"valueRequired\":true,\"valueName\":\"search_term_string\"}}],\"inLanguage\":\"fr-FR\"},{\"@type\":\"Organization\",\"@id\":\"https:\\\/\\\/www.akeneo.com\\\/fr\\\/#organization\",\"name\":\"Akeneo\",\"url\":\"https:\\\/\\\/www.akeneo.com\\\/fr\\\/\",\"logo\":{\"@type\":\"ImageObject\",\"inLanguage\":\"fr-FR\",\"@id\":\"https:\\\/\\\/www.akeneo.com\\\/fr\\\/#\\\/schema\\\/logo\\\/image\\\/\",\"url\":\"https:\\\/\\\/www.akeneo.com\\\/wp-content\\\/uploads\\\/2019\\\/08\\\/logo-kjus.png\",\"contentUrl\":\"https:\\\/\\\/www.akeneo.com\\\/wp-content\\\/uploads\\\/2019\\\/08\\\/logo-kjus.png\",\"width\":1,\"height\":1,\"caption\":\"Akeneo\"},\"image\":{\"@id\":\"https:\\\/\\\/www.akeneo.com\\\/fr\\\/#\\\/schema\\\/logo\\\/image\\\/\"}}]}<\/script>\n<!-- \/ Yoast SEO Premium plugin. -->","yoast_head_json":{"title":"Akeneo nomme l'ancien vice-pr\u00e9sident d'Amazon Tim Kohn au poste de Technology and Product Advisor | Akeneo","robots":{"index":"index","follow":"follow","max-snippet":"max-snippet:-1","max-image-preview":"max-image-preview:large","max-video-preview":"max-video-preview:-1"},"canonical":"https:\/\/www.akeneo.com\/fr\/press-release\/akeneo-nomination-amazon-vice-president-tim-kohn\/","og_locale":"fr_FR","og_type":"article","og_title":"Akeneo nomme l'ancien vice-pr\u00e9sident d'Amazon Tim Kohn au poste de Technology and Product Advisor","og_description":"Avec une expertise \u00e9prouv\u00e9e dans la mise \u00e0 l'\u00e9chelle de syst\u00e8mes et d'organisations en hyper-croissance, Tim Kohn mettra en synergie les d\u00e9veloppements d'Akeneo Product Cloud","og_url":"https:\/\/www.akeneo.com\/fr\/press-release\/akeneo-nomination-amazon-vice-president-tim-kohn\/","og_site_name":"Akeneo","article_modified_time":"2024-07-04T06:48:42+00:00","og_image":[{"width":1200,"height":1200,"url":"https:\/\/www.akeneo.com\/wp-content\/uploads\/2024\/11\/generic_featuredimage_1200x1200.png","type":"image\/png"}],"twitter_card":"summary_large_image","twitter_misc":{"Dur\u00e9e de lecture estim\u00e9e":"3 minutes"},"schema":{"@context":"https:\/\/schema.org","@graph":[{"@type":"WebPage","@id":"https:\/\/www.akeneo.com\/fr\/press-release\/akeneo-nomination-amazon-vice-president-tim-kohn\/","url":"https:\/\/www.akeneo.com\/fr\/press-release\/akeneo-nomination-amazon-vice-president-tim-kohn\/","name":"Akeneo nomme l'ancien vice-pr\u00e9sident d'Amazon Tim Kohn au poste de Technology and Product Advisor | Akeneo","isPartOf":{"@id":"https:\/\/www.akeneo.com\/fr\/#website"},"datePublished":"2023-02-09T14:00:12+00:00","dateModified":"2024-07-04T06:48:42+00:00","inLanguage":"fr-FR","potentialAction":[{"@type":"ReadAction","target":["https:\/\/www.akeneo.com\/fr\/press-release\/akeneo-nomination-amazon-vice-president-tim-kohn\/"]}]},{"@type":"WebSite","@id":"https:\/\/www.akeneo.com\/fr\/#website","url":"https:\/\/www.akeneo.com\/fr\/","name":"Akeneo","description":"","publisher":{"@id":"https:\/\/www.akeneo.com\/fr\/#organization"},"potentialAction":[{"@type":"SearchAction","target":{"@type":"EntryPoint","urlTemplate":"https:\/\/www.akeneo.com\/fr\/?s={search_term_string}"},"query-input":{"@type":"PropertyValueSpecification","valueRequired":true,"valueName":"search_term_string"}}],"inLanguage":"fr-FR"},{"@type":"Organization","@id":"https:\/\/www.akeneo.com\/fr\/#organization","name":"Akeneo","url":"https:\/\/www.akeneo.com\/fr\/","logo":{"@type":"ImageObject","inLanguage":"fr-FR","@id":"https:\/\/www.akeneo.com\/fr\/#\/schema\/logo\/image\/","url":"https:\/\/www.akeneo.com\/wp-content\/uploads\/2019\/08\/logo-kjus.png","contentUrl":"https:\/\/www.akeneo.com\/wp-content\/uploads\/2019\/08\/logo-kjus.png","width":1,"height":1,"caption":"Akeneo"},"image":{"@id":"https:\/\/www.akeneo.com\/fr\/#\/schema\/logo\/image\/"}}]}},"_links":{"self":[{"href":"https:\/\/www.akeneo.com\/fr\/wp-json\/wp\/v2\/ak-pr\/42406","targetHints":{"allow":["GET"]}}],"collection":[{"href":"https:\/\/www.akeneo.com\/fr\/wp-json\/wp\/v2\/ak-pr"}],"about":[{"href":"https:\/\/www.akeneo.com\/fr\/wp-json\/wp\/v2\/types\/ak-pr"}],"wp:attachment":[{"href":"https:\/\/www.akeneo.com\/fr\/wp-json\/wp\/v2\/media?parent=42406"}],"curies":[{"name":"wp","href":"https:\/\/api.w.org\/{rel}","templated":true}]}}