{"id":42481,"date":"2022-10-26T09:01:22","date_gmt":"2022-10-26T09:01:22","guid":{"rendered":"https:\/\/www.akeneo.com\/?ak-pr=akeneo-stellt-sich-neu-auf-tobias-schlotter-wird-vp-channel-alliances-emea-und-holt-thomas-grasser-als-vp-sales-central-eastern-europe"},"modified":"2024-07-04T06:48:51","modified_gmt":"2024-07-04T06:48:51","slug":"akeneo-stellt-sich-neu-auf-tobias-schlotter-wird-vp-channel-alliances-emea-und-holt-thomas-grasser-als-vp-sales-central-eastern-europe","status":"publish","type":"ak-pr","link":"https:\/\/www.akeneo.com\/de\/press-release\/akeneo-stellt-sich-neu-auf-tobias-schlotter-wird-vp-channel-alliances-emea-und-holt-thomas-grasser-als-vp-sales-central-eastern-europe\/","title":{"rendered":"Akeneo stellt sich neu auf: Tobias Schlotter wird VP Channel &#038; Alliances EMEA und holt Thomas Grasser als VP Sales Central &#038; Eastern Europe"},"content":{"rendered":"       \n  \n<section id=\"hero-block_5da81539c5c49b9c03efc7e7e0c872e9\" class=\"hero hero-blue py-0\">\n            <div class=\"container\">\n            <div class=\"row\">\n                <div class=\"col-12\">\n                    <div class=\"hero-inner\">\n                        <div class=\"row\">\n                            <div class=\"col-md-10 col-lg-8 mx-md-auto\">\n                                <div class=\"hero-content text-center\">\n                                    <p class=\"hero-meta\">\n                                        <span>Okt 26, 2022<\/span>\n                                    <\/p>\n                                                                            <div class=\"hero-logo\" style=\"margin: 0 auto 20px;\">\n                                            <img decoding=\"async\" src=\"https:\/\/www.akeneo.com\/wp-content\/themes\/akeneo\/assets\/images\/content\/akeneo-icon-logo.svg\" alt=\"akeneo-logo\">\n                                        <\/div>\n                                                                        <h1 class=\"hero-title\">Akeneo stellt sich neu auf: Tobias Schlotter wird VP Channel &#038; Alliances EMEA und holt Thomas Grasser als VP Sales Central &#038; Eastern Europe<\/h1>\n                                    <div class=\"hero-text\">\n                                        <p>\n                                                                                            Akeneo ernennt den bisherigen General Manager Central &#038; Eastern Europe, Tobias Schlotter, zum neuen VP Channel &#038; Alliances EMEA. Zudem startet Thomas Grasser als VP Sales Central &#038; Eastern Europe neu im Team.                                                                                    <\/p>\n                                    <\/div>\n                                <\/div>\n                            <\/div>\n                        <\/div>\n                    <\/div>\n                <\/div>\n            <\/div>\n        <\/div>\n    <\/section>\n  \n<div class=\"whitepapers-desc\"><\/div><div class=\"mb-2\"><p class=\"p2\"><span class=\"s1\"><span class=\"Apple-converted-space\">\u00a0<\/span><\/span><b>D\u00fcsseldorf \u2013 26. Oktober 2022_ <\/b>Akeneo, weltweit f\u00fchrend im Bereich Product Experience Management (PXM) und Product Information Management (PIM), ernennt den bisherigen General Manager Central &amp; Eastern Europe, Tobias Schlotter, zum neuen VP Channel &amp; Alliances EMEA. Zudem startet Thomas Grasser als VP Sales Central &amp; Eastern Europe neu im Team.<span class=\"Apple-converted-space\">\u00a0<\/span><\/p>\r\n<p class=\"p2\"><b>Partner-Programm im Fokus, \u201eTime-to-Value\u201c halbieren<span class=\"Apple-converted-space\">\u00a0<\/span><\/b><\/p>\r\n<p class=\"p2\">Tobias Schlotter wird sich in seiner neuen Position dem Ausbau der Partner-Strategie widmen. Er soll die f\u00fchrende Position, die Akeneo bereits im Bereich Composable Commerce sowie im MACH-Alliance-Umfeld einnimmt, weiter festigen. Schlotters Ziel ist es, dem bestehenden Netzwerk aus derzeit \u00fcber 130 Technologie- und Solution-Partnern \u2013 dazu z\u00e4hlen etwa Parsionate, Salesforce, Adobe Commerce, SAP oder Commercetools \u2013 weitere Partner hinzuzuf\u00fcgen.<span class=\"Apple-converted-space\">\u00a0<\/span><\/p>\r\n<p class=\"p2\">Dabei fokussiert sich der 42-J\u00e4hrige insbesondere auch darauf, die \u201eTime to value\u201c zu halbieren, so dass Anwender nach dem Lizenzerwerb binnen k\u00fcrzester Zeit und ohne Hilfestellung selbstst\u00e4ndig mit Akeneo PIM arbeiten k\u00f6nnen.<span class=\"Apple-converted-space\">\u00a0<\/span><\/p>\r\n<p class=\"p2\">\u201eTobias blickt bereits auf sieben erfolgreiche Jahre bei Akeneo, in denen er sowohl den Standort in D\u00fcsseldorf als auch das DACH-Gesch\u00e4ft aufgebaut hat. Das macht uns sehr stolz. Seine Leistung hat dazu beigetragen, dass Akeneo vom Nischen- zum Big Player wurde\u201c, sagt <b>Scott Rogers, Vice President Global Channels &amp; Alliances bei Akeneo<\/b>.<span class=\"Apple-converted-space\">\u00a0<\/span><\/p>\r\n<p class=\"p2\"><b>Umfangreiche F\u00fchrungserfahrung<span class=\"Apple-converted-space\">\u00a0<\/span><\/b><\/p>\r\n<p class=\"p2\">Thomas Grasser bringt umfangreiche Managementerfahrung mit zu Akeneo. Er hatte verschiedene F\u00fchrungspositionen im Vertrieb bei Salesforce und zuletzt Sprinklr inne. Thematisch ist der 43-J\u00e4hrige tief in den Bereichen Customer Experience, Marketing und Commerce verwurzelt. Er war unter anderem ma\u00dfgeblich daran beteiligt, die E-Commerce-Plattform Hybris nach der \u00dcbernahme durch SAP in einem stark umk\u00e4mpften Markt zu etablieren. Bei Akeneo wird Grasser als VP Sales Central &amp; Eastern Europe die Marktposition weiter ausbauen und noch mehr Unternehmen bei der Implementierung der zukunftsweisenden PXM- und PIM-L\u00f6sungen von Akeneo unterst\u00fctzen.<span class=\"Apple-converted-space\">\u00a0<\/span><\/p>\r\n<p class=\"p2\">\u201eDurch seine verschiedenen Stationen in namhaften Softwareunternehmen verf\u00fcgt Thomas \u00fcber das notwendige Mindset und einen strategischen Weitblick, der uns bei unserer Expansion voranbringen wird. Thomas und ich haben bereits sehr erfolgreich zusammengearbeitet, w\u00e4hrend meiner Zeit bei Hybris. Daher habe ich ihm nahegelegt, seine Talente zuk\u00fcnftig f\u00fcr Akeneo einzubringen und hei\u00dfe ihn jetzt herzlich willkommen im Team\u201c, erg\u00e4nzt <b>Mark Holenstein, COO bei Akeneo.<span class=\"Apple-converted-space\">\u00a0<\/span><\/b><\/p><\/div>  \n<section id=\"cta-block_1eea3075ebcc414210c5f5f3d9c61567\" class=\"py-4\">\n    <div class=\"container\">\n        <div class=\"row\">\n            <div class=\"col-12\">\n                <div class=\"cta   \">\n                                            <h4 class=\"cta-title mb-0\">Download der Pressemitteilung<\/h4>\n                                                                <div class=\"cta-buttons\">\n                                                            <div>\n                                    <a class=\"btn btn-primary\" href=\"https:\/\/www.akeneo.com\/wp-content\/uploads\/2022\/11\/221026_Akeneo_PM_Schlotter_Grasser_final.pdf\"><span class=\"initial text\">Download<svg class=\"svg-icon fs-sm ms-1\"><use xmlns:xlink=\"http:\/\/www.w3.org\/1999\/xlink\" xlink:href=\"https:\/\/www.akeneo.com\/wp-content\/themes\/akeneo\/assets\/sprite\/icons.svg#icon-download\"><\/use><\/svg><\/span><span class=\"background-text\">Download<svg class=\"svg-icon fs-sm ms-1\"><use xmlns:xlink=\"http:\/\/www.w3.org\/1999\/xlink\" xlink:href=\"https:\/\/www.akeneo.com\/wp-content\/themes\/akeneo\/assets\/sprite\/icons.svg#icon-download\"><\/use><\/svg><\/span><span class=\"hovered text\">Download<svg class=\"svg-icon fs-sm ms-1\"><use xmlns:xlink=\"http:\/\/www.w3.org\/1999\/xlink\" xlink:href=\"https:\/\/www.akeneo.com\/wp-content\/themes\/akeneo\/assets\/sprite\/icons.svg#icon-download\"><\/use><\/svg><\/span><\/a>                                <\/div>\n                                                    <\/div>\n                                    <\/div>\n            <\/div>\n        <\/div>\n    <\/div>\n<\/section><section id=\"content-block_d5cf7fa37b4e94e458788d207c7c8dcb\" class=\"p-3 p-md-6 mt-3 bg-body rounded-4 shadow\">\n            <h2>\u00dcber Akeneo<\/h2>\n                <div class=\"text-editor mt-3\">\n            <p><p>Akeneo bietet eine komplette und kompatible SaaS-basierte Lo\u0308sung fu\u0308r die Verwaltung, Orchestrierung, Aktivierung und Optimierung des gesamten Produktdatensatzes. Somit lassen sich u\u0308berzeugende und konsistente Produkterlebnisse u\u0308ber alle eigenen und fremden Kana\u0308le und Vermarktungswege hinweg schaffen. Mit einer offenen Plattform, dem fu\u0308hrenden PIM fu\u0308r das Produktdaten- und Asset-Management, den Add-Ons, Konnektoren und dem Akeneo App Store ermo\u0308glicht Akeneo Product Cloud Handelsunternehmen, erstklassige Produkterlebnisse zu liefern, die Wachstum fo\u0308rdern.<\/p>\n<p>Globale Marken, Hersteller, Distributoren und Einzelha\u0308ndler wie Kneipp, KaDeWe, bergfreunde.de oder Liqui Moly vertrauen auf Akeneo, um ihre Omnichannel-Commerce-Initiativen zu skalieren und zu individualisieren. Mit der Akeneo Product Cloud ko\u0308nnen Marken und Einzelha\u0308ndler Produkterlebnisse u\u0308ber alle Kana\u0308le hinweg aktivieren und somit die Customer Experience verbessern, den Umsatz steigern, die Markteinfu\u0308hrungszeit verku\u0308rzen, global agieren sowie die Produktivita\u0308t ihrer Teams steigern.<\/p>\n<\/p>\n        <\/div>\n    <\/section>\n","protected":false},"excerpt":{"rendered":"<p>Akeneo ernennt den bisherigen General Manager Central &#038; Eastern Europe, Tobias Schlotter, zum neuen VP Channel &#038; Alliances EMEA. Zudem startet Thomas Grasser als VP Sales Central &#038; Eastern Europe neu im Team.<\/p>\n","protected":false},"featured_media":0,"menu_order":0,"template":"","class_list":["post-42481","ak-pr","type-ak-pr","status-publish","hentry"],"acf":[],"yoast_head":"<!-- This site is optimized with the Yoast SEO Premium plugin v27.4 (Yoast SEO v27.4) - https:\/\/yoast.com\/product\/yoast-seo-premium-wordpress\/ -->\n<title>Akeneo stellt sich neu auf: Tobias Schlotter wird VP Channel &amp; Alliances EMEA und holt Thomas Grasser als VP Sales Central &amp; Eastern Europe | Akeneo<\/title>\n<meta name=\"robots\" content=\"index, follow, max-snippet:-1, max-image-preview:large, max-video-preview:-1\" \/>\n<link rel=\"canonical\" href=\"https:\/\/www.akeneo.com\/de\/press-release\/akeneo-stellt-sich-neu-auf-tobias-schlotter-wird-vp-channel-alliances-emea-und-holt-thomas-grasser-als-vp-sales-central-eastern-europe\/\" \/>\n<meta property=\"og:locale\" content=\"de_DE\" \/>\n<meta property=\"og:type\" content=\"article\" \/>\n<meta property=\"og:title\" content=\"Akeneo stellt sich neu auf: Tobias Schlotter wird VP Channel &amp; Alliances EMEA und holt Thomas Grasser als VP Sales Central &amp; Eastern Europe\" \/>\n<meta property=\"og:description\" content=\"Akeneo ernennt den bisherigen General Manager Central &amp; Eastern Europe, Tobias Schlotter, zum neuen VP Channel &amp; Alliances EMEA. Zudem startet Thomas Grasser als VP Sales Central &amp; Eastern Europe neu im Team.\" \/>\n<meta property=\"og:url\" content=\"https:\/\/www.akeneo.com\/de\/press-release\/akeneo-stellt-sich-neu-auf-tobias-schlotter-wird-vp-channel-alliances-emea-und-holt-thomas-grasser-als-vp-sales-central-eastern-europe\/\" \/>\n<meta property=\"og:site_name\" content=\"Akeneo\" \/>\n<meta property=\"article:modified_time\" content=\"2024-07-04T06:48:51+00:00\" \/>\n<meta property=\"og:image\" content=\"https:\/\/www.akeneo.com\/wp-content\/uploads\/2024\/11\/generic_featuredimage_1200x1200.png\" \/>\n\t<meta property=\"og:image:width\" content=\"1200\" \/>\n\t<meta property=\"og:image:height\" content=\"1200\" \/>\n\t<meta property=\"og:image:type\" content=\"image\/png\" \/>\n<meta name=\"twitter:card\" content=\"summary_large_image\" \/>\n<meta name=\"twitter:label1\" content=\"Gesch\u00e4tzte Lesezeit\" \/>\n\t<meta name=\"twitter:data1\" content=\"2 Minuten\" \/>\n<script type=\"application\/ld+json\" class=\"yoast-schema-graph\">{\"@context\":\"https:\\\/\\\/schema.org\",\"@graph\":[{\"@type\":\"WebPage\",\"@id\":\"https:\\\/\\\/www.akeneo.com\\\/de\\\/press-release\\\/akeneo-stellt-sich-neu-auf-tobias-schlotter-wird-vp-channel-alliances-emea-und-holt-thomas-grasser-als-vp-sales-central-eastern-europe\\\/\",\"url\":\"https:\\\/\\\/www.akeneo.com\\\/de\\\/press-release\\\/akeneo-stellt-sich-neu-auf-tobias-schlotter-wird-vp-channel-alliances-emea-und-holt-thomas-grasser-als-vp-sales-central-eastern-europe\\\/\",\"name\":\"Akeneo stellt sich neu auf: Tobias Schlotter wird VP Channel & Alliances EMEA und holt Thomas Grasser als VP Sales Central & Eastern Europe | Akeneo\",\"isPartOf\":{\"@id\":\"https:\\\/\\\/www.akeneo.com\\\/de\\\/#website\"},\"datePublished\":\"2022-10-26T09:01:22+00:00\",\"dateModified\":\"2024-07-04T06:48:51+00:00\",\"inLanguage\":\"de-DE\",\"potentialAction\":[{\"@type\":\"ReadAction\",\"target\":[\"https:\\\/\\\/www.akeneo.com\\\/de\\\/press-release\\\/akeneo-stellt-sich-neu-auf-tobias-schlotter-wird-vp-channel-alliances-emea-und-holt-thomas-grasser-als-vp-sales-central-eastern-europe\\\/\"]}]},{\"@type\":\"WebSite\",\"@id\":\"https:\\\/\\\/www.akeneo.com\\\/de\\\/#website\",\"url\":\"https:\\\/\\\/www.akeneo.com\\\/de\\\/\",\"name\":\"Akeneo\",\"description\":\"\",\"publisher\":{\"@id\":\"https:\\\/\\\/www.akeneo.com\\\/de\\\/#organization\"},\"potentialAction\":[{\"@type\":\"SearchAction\",\"target\":{\"@type\":\"EntryPoint\",\"urlTemplate\":\"https:\\\/\\\/www.akeneo.com\\\/de\\\/?s={search_term_string}\"},\"query-input\":{\"@type\":\"PropertyValueSpecification\",\"valueRequired\":true,\"valueName\":\"search_term_string\"}}],\"inLanguage\":\"de-DE\"},{\"@type\":\"Organization\",\"@id\":\"https:\\\/\\\/www.akeneo.com\\\/de\\\/#organization\",\"name\":\"Akeneo\",\"url\":\"https:\\\/\\\/www.akeneo.com\\\/de\\\/\",\"logo\":{\"@type\":\"ImageObject\",\"inLanguage\":\"de-DE\",\"@id\":\"https:\\\/\\\/www.akeneo.com\\\/de\\\/#\\\/schema\\\/logo\\\/image\\\/\",\"url\":\"https:\\\/\\\/www.akeneo.com\\\/wp-content\\\/uploads\\\/2019\\\/08\\\/logo-kjus.png\",\"contentUrl\":\"https:\\\/\\\/www.akeneo.com\\\/wp-content\\\/uploads\\\/2019\\\/08\\\/logo-kjus.png\",\"width\":1,\"height\":1,\"caption\":\"Akeneo\"},\"image\":{\"@id\":\"https:\\\/\\\/www.akeneo.com\\\/de\\\/#\\\/schema\\\/logo\\\/image\\\/\"}}]}<\/script>\n<!-- \/ Yoast SEO Premium plugin. -->","yoast_head_json":{"title":"Akeneo stellt sich neu auf: Tobias Schlotter wird VP Channel & Alliances EMEA und holt Thomas Grasser als VP Sales Central & Eastern Europe | Akeneo","robots":{"index":"index","follow":"follow","max-snippet":"max-snippet:-1","max-image-preview":"max-image-preview:large","max-video-preview":"max-video-preview:-1"},"canonical":"https:\/\/www.akeneo.com\/de\/press-release\/akeneo-stellt-sich-neu-auf-tobias-schlotter-wird-vp-channel-alliances-emea-und-holt-thomas-grasser-als-vp-sales-central-eastern-europe\/","og_locale":"de_DE","og_type":"article","og_title":"Akeneo stellt sich neu auf: Tobias Schlotter wird VP Channel & Alliances EMEA und holt Thomas Grasser als VP Sales Central & Eastern Europe","og_description":"Akeneo ernennt den bisherigen General Manager Central & Eastern Europe, Tobias Schlotter, zum neuen VP Channel & Alliances EMEA. Zudem startet Thomas Grasser als VP Sales Central & Eastern Europe neu im Team.","og_url":"https:\/\/www.akeneo.com\/de\/press-release\/akeneo-stellt-sich-neu-auf-tobias-schlotter-wird-vp-channel-alliances-emea-und-holt-thomas-grasser-als-vp-sales-central-eastern-europe\/","og_site_name":"Akeneo","article_modified_time":"2024-07-04T06:48:51+00:00","og_image":[{"width":1200,"height":1200,"url":"https:\/\/www.akeneo.com\/wp-content\/uploads\/2024\/11\/generic_featuredimage_1200x1200.png","type":"image\/png"}],"twitter_card":"summary_large_image","twitter_misc":{"Gesch\u00e4tzte Lesezeit":"2 Minuten"},"schema":{"@context":"https:\/\/schema.org","@graph":[{"@type":"WebPage","@id":"https:\/\/www.akeneo.com\/de\/press-release\/akeneo-stellt-sich-neu-auf-tobias-schlotter-wird-vp-channel-alliances-emea-und-holt-thomas-grasser-als-vp-sales-central-eastern-europe\/","url":"https:\/\/www.akeneo.com\/de\/press-release\/akeneo-stellt-sich-neu-auf-tobias-schlotter-wird-vp-channel-alliances-emea-und-holt-thomas-grasser-als-vp-sales-central-eastern-europe\/","name":"Akeneo stellt sich neu auf: Tobias Schlotter wird VP Channel & Alliances EMEA und holt Thomas Grasser als VP Sales Central & Eastern Europe | Akeneo","isPartOf":{"@id":"https:\/\/www.akeneo.com\/de\/#website"},"datePublished":"2022-10-26T09:01:22+00:00","dateModified":"2024-07-04T06:48:51+00:00","inLanguage":"de-DE","potentialAction":[{"@type":"ReadAction","target":["https:\/\/www.akeneo.com\/de\/press-release\/akeneo-stellt-sich-neu-auf-tobias-schlotter-wird-vp-channel-alliances-emea-und-holt-thomas-grasser-als-vp-sales-central-eastern-europe\/"]}]},{"@type":"WebSite","@id":"https:\/\/www.akeneo.com\/de\/#website","url":"https:\/\/www.akeneo.com\/de\/","name":"Akeneo","description":"","publisher":{"@id":"https:\/\/www.akeneo.com\/de\/#organization"},"potentialAction":[{"@type":"SearchAction","target":{"@type":"EntryPoint","urlTemplate":"https:\/\/www.akeneo.com\/de\/?s={search_term_string}"},"query-input":{"@type":"PropertyValueSpecification","valueRequired":true,"valueName":"search_term_string"}}],"inLanguage":"de-DE"},{"@type":"Organization","@id":"https:\/\/www.akeneo.com\/de\/#organization","name":"Akeneo","url":"https:\/\/www.akeneo.com\/de\/","logo":{"@type":"ImageObject","inLanguage":"de-DE","@id":"https:\/\/www.akeneo.com\/de\/#\/schema\/logo\/image\/","url":"https:\/\/www.akeneo.com\/wp-content\/uploads\/2019\/08\/logo-kjus.png","contentUrl":"https:\/\/www.akeneo.com\/wp-content\/uploads\/2019\/08\/logo-kjus.png","width":1,"height":1,"caption":"Akeneo"},"image":{"@id":"https:\/\/www.akeneo.com\/de\/#\/schema\/logo\/image\/"}}]}},"_links":{"self":[{"href":"https:\/\/www.akeneo.com\/de\/wp-json\/wp\/v2\/ak-pr\/42481","targetHints":{"allow":["GET"]}}],"collection":[{"href":"https:\/\/www.akeneo.com\/de\/wp-json\/wp\/v2\/ak-pr"}],"about":[{"href":"https:\/\/www.akeneo.com\/de\/wp-json\/wp\/v2\/types\/ak-pr"}],"wp:attachment":[{"href":"https:\/\/www.akeneo.com\/de\/wp-json\/wp\/v2\/media?parent=42481"}],"curies":[{"name":"wp","href":"https:\/\/api.w.org\/{rel}","templated":true}]}}