{"id":42405,"date":"2023-02-09T14:00:12","date_gmt":"2023-02-09T14:00:12","guid":{"rendered":"https:\/\/www.akeneo.com\/?ak-pr=akeneo-appoints-former-amazon-vice-president-tim-kohn-as-technology-and-product-advisor-2"},"modified":"2024-07-04T06:48:42","modified_gmt":"2024-07-04T06:48:42","slug":"akeneo-appoints-former-amazon-vice-president-tim-kohn-as-technology-and-product-advisor","status":"publish","type":"ak-pr","link":"https:\/\/www.akeneo.com\/de\/press-release\/akeneo-appoints-former-amazon-vice-president-tim-kohn-as-technology-and-product-advisor\/","title":{"rendered":"Akeneo ernennt ehemaligen Amazon-Vice-President Tim Kohn zum Technologie- und Produktberater"},"content":{"rendered":"       \n  \n<section id=\"hero-block_9d3937e1453ce1e420c3c40c1fc1a935\" class=\"hero hero-blue py-0\">\n            <div class=\"container\">\n            <div class=\"row\">\n                <div class=\"col-12\">\n                    <div class=\"hero-inner\">\n                        <div class=\"row\">\n                            <div class=\"col-md-10 col-lg-8 mx-md-auto\">\n                                <div class=\"hero-content text-center\">\n                                    <p class=\"hero-meta\">\n                                        <span>Feb 09, 2023<\/span>\n                                    <\/p>\n                                                                            <div class=\"hero-logo\" style=\"margin: 0 auto 20px;\">\n                                            <img decoding=\"async\" src=\"https:\/\/www.akeneo.com\/wp-content\/themes\/akeneo\/assets\/images\/content\/akeneo-icon-logo.svg\" alt=\"akeneo-logo\">\n                                        <\/div>\n                                                                        <h1 class=\"hero-title\">Akeneo ernennt ehemaligen Amazon-Vice-President Tim Kohn zum Technologie- und Produktberater<\/h1>\n                                    <div class=\"hero-text\">\n                                        <p>\n                                                                                            Mit seiner Expertise in der Skalierung wachstumsintensiver Systeme will Kohn Synergieeffekte erschlie\u00dfen und dadurch die Weiterentwicklung der Product Cloud vorantreiben.                                                                                    <\/p>\n                                    <\/div>\n                                <\/div>\n                            <\/div>\n                        <\/div>\n                    <\/div>\n                <\/div>\n            <\/div>\n        <\/div>\n    <\/section>\n  \n<div class=\"whitepapers-desc\"><\/div><div class=\"mb-2\"><p class=\"p2\"><b>D\u00fcsseldorf \u2013 09. Februar 2023 \u2013 <\/b>Akeneo, die Product Experience Company, ernennt den ehemaligen Amazon Technology and Product Vice President, Tim Kohn, zum Technology and Product Advisor. Kohn fungiert dabei als Mentor des Engineering-Teams und tr\u00e4gt damit ma\u00dfgeblich zur Weiterentwicklung der Akeneo Product Cloud bei.<\/p>\r\n<p class=\"p2\">Kohn wird seine umfangreichen Erfahrungen, die er w\u00e4hrend seiner T\u00e4tigkeit bei Amazon gesammelt hat, nutzen, um innovative Produkt- und Technologiestrategien zu entwickeln. Darauf wird er auch bei der Schulung von Teamleitern zur\u00fcckgreifen, die mit der Markteinf\u00fchrung der Akeneo-Produktdatenplattform (PDP) betraut werden. Die PDP von Akeneo besteht aus einem dynamischen Master-Produktkatalog und einer leistungsstarken Performance-Analyse. Marken profitierten dabei von einem dynamischen Brand Engagement, dass sich durch die PDP konsequent weiter steigern l\u00e4sst.<\/p>\r\n<p class=\"p2\">\u201eTim ist ein exzellenter Technologie- und Produktentwickler. Wir freuen uns sehr, dass er gerade jetzt zu Akeneo st\u00f6\u00dft und dass das Unternehmen von einem Branchenveteranen seines Kalibers profitieren kann&#8220;, sagt Nicolas Dupont, Mitgr\u00fcnder und CPO von Akeneo. \u201eTims Expertise in der Skalierung schnell wachsender Softwarel\u00f6sungen verleiht unserem innovationsgetriebenen Team insbesondere bei der Product-Cloud-Weiterentwicklung einen entscheidenden Schub. Dadurch gewinnt unser Entwicklungsprozess an Effektivit\u00e4t.&#8220;<\/p><\/div>  \n  \n<section class=\"py-6 py-md-6\">\n    <div class=\"container\">\n        <div class=\"row\">\n            <div class=\"col-12\">\n                <div class=\"testimonial-card testimonial-card-has-quotes\">\n                                            <blockquote class=\"testimonial-card-quote\">\n                            <p>Wie die Akeneo Product Cloud Kunden- und Produkterlebnisse auf allen Kan\u00e4len der Customer Journey aktiviert, um hohe Conversions zu gew\u00e4hrleisten und damit den Umsatz steigern, das beeindruckt mich sehr.<\/p>\n                        <\/blockquote>\n                                        <div class=\"author\">\n                                                                    <\/div>\n                <\/div>\n            <\/div>\n        <\/div>\n    <\/div>\n<\/section>\n<div class=\"mb-2\"><p class=\"p2\">Kohn heuerte 1997 als einer der ersten 20 Softwareentwickler bei Amazon an. Er war ma\u00dfgeblich an der Expansion des Unternehmens beteiligt. Zuletzt war Kohn als Vice President of Video Experience Technology bei Prime Video t\u00e4tig. Davor verwaltete er als Vice President of Networking and Amazon Web Services das gesamte Amazon-Netzwerk. Davor verantwortete er bei Amazon.com die Pr\u00fcfung von Produktdaten und die Entwicklung von algorithmischen Verfahren zur Verbesserung der Datenqualit\u00e4t.<\/p>\r\n<p class=\"p2\">\u201eDie Hybridisierung des Handels setzt sich mit hoher Geschwindigkeit fort. Marken sehen sich vor diesem Hintergrund dazu gezwungen, in allen Phasen der Customer Journey zu wachsen. Daher freue ich mich darauf, die steigende Nachfrage nach Akeneos erstklassiger Produktdaten- und Performance-Analyse-Software zu unterst\u00fctzen. Denn wie die Akeneo Product Cloud Kunden- und Produkterlebnisse auf allen Kan\u00e4len der Customer Journey aktiviert, um hohe Conversions zu gew\u00e4hrleisten und damit den Umsatz steigern, das beeindruckt mich sehr&#8220;, sagte Kohn nach seiner Ernennung.<\/p><\/div>  \n<section id=\"cta-block_c8ad3c89ebc2641cac0761c3ba9b1ea4\" class=\"py-4\">\n    <div class=\"container\">\n        <div class=\"row\">\n            <div class=\"col-12\">\n                <div class=\"cta   \">\n                                            <h4 class=\"cta-title mb-0\">Lesen Sie die Pressemitteilung<\/h4>\n                                                                <div class=\"cta-buttons\">\n                                                            <div>\n                                    <a class=\"btn btn-primary\" href=\"https:\/\/www.akeneo.com\/wp-content\/uploads\/2023\/02\/230209_Akeneo_PM_Tim_Kohn_DE.pdf\" target=\"_blank\"><span class=\"initial text\">Pressemitteilung herunterladen<svg class=\"svg-icon fs-sm ms-1\"><use xmlns:xlink=\"http:\/\/www.w3.org\/1999\/xlink\" xlink:href=\"https:\/\/www.akeneo.com\/wp-content\/themes\/akeneo\/assets\/sprite\/icons.svg#icon-download\"><\/use><\/svg><\/span><span class=\"background-text\">Pressemitteilung herunterladen<svg class=\"svg-icon fs-sm ms-1\"><use xmlns:xlink=\"http:\/\/www.w3.org\/1999\/xlink\" xlink:href=\"https:\/\/www.akeneo.com\/wp-content\/themes\/akeneo\/assets\/sprite\/icons.svg#icon-download\"><\/use><\/svg><\/span><span class=\"hovered text\">Pressemitteilung herunterladen<svg class=\"svg-icon fs-sm ms-1\"><use xmlns:xlink=\"http:\/\/www.w3.org\/1999\/xlink\" xlink:href=\"https:\/\/www.akeneo.com\/wp-content\/themes\/akeneo\/assets\/sprite\/icons.svg#icon-download\"><\/use><\/svg><\/span><\/a>                                <\/div>\n                                                    <\/div>\n                                    <\/div>\n            <\/div>\n        <\/div>\n    <\/div>\n<\/section><section id=\"content-block_3cd26d4b4ef7871c533120e104949466\" class=\"p-3 p-md-6 mt-3 bg-body rounded-4 shadow\">\n            <h2>\u00dcber Akeneo<\/h2>\n                <div class=\"text-editor mt-3\">\n            <p><p class=\"p1\">Akeneo bietet eine komplette und kompatible SaaS-basierte Lo\u0308sung fu\u0308r die Verwaltung, Orchestrierung, Aktivierung und Optimierung des gesamten Produktdatensatzes. Somit lassen sich u\u0308berzeugende und konsistente Produkterlebnisse u\u0308ber alle eigenen und fremden Kana\u0308le und Vermarktungswege hinweg schaffen. Mit einer offenen Plattform, dem fu\u0308hrenden PIM fu\u0308r das Produktdaten- und Asset-Management, den Add-Ons, Konnektoren und dem Akeneo App Store ermo\u0308glicht Akeneo Product Cloud Handelsunternehmen, erstklassige Produkterlebnisse zu liefern, die Wachstum fo\u0308rdern.<\/p>\n<p><\/p>\n<p class=\"p1\">Globale Marken, Hersteller, Distributoren und Einzelh\u00e4ndler wie Kneipp, KaDeWe, bergfreunde.de oder Liqui Moly vertrauen auf Akeneo, um ihre Omnichannel-Commerce-Initiativen zu skalieren und zu individualisieren. Mit der Akeneo Product Cloud k\u00f6nnen Marken und Einzelh\u00e4ndler Produkterlebnisse u\u0308ber alle Kana\u0308le hinweg aktivieren und somit die Customer Experience verbessern, den Umsatz steigern, die Markteinfu\u0308hrungszeit verk\u00fcrzen, global agieren sowie die Produktivit\u00e4t ihrer Teams steigern.<\/p>\n<\/p>\n        <\/div>\n    <\/section>\n","protected":false},"excerpt":{"rendered":"<p>Mit seiner Expertise in der Skalierung wachstumsintensiver Systeme will Kohn Synergieeffekte erschlie\u00dfen und dadurch die Weiterentwicklung der Product Cloud vorantreiben.<\/p>\n","protected":false},"featured_media":0,"menu_order":0,"template":"","class_list":["post-42405","ak-pr","type-ak-pr","status-publish","hentry"],"acf":[],"yoast_head":"<!-- This site is optimized with the Yoast SEO Premium plugin v27.4 (Yoast SEO v27.4) - https:\/\/yoast.com\/product\/yoast-seo-premium-wordpress\/ -->\n<title>Akeneo ernennt ehemaligen Amazon-Vice-President Tim Kohn zum Technologie- und Produktberater | Akeneo<\/title>\n<meta name=\"robots\" content=\"index, follow, max-snippet:-1, max-image-preview:large, max-video-preview:-1\" \/>\n<link rel=\"canonical\" href=\"https:\/\/www.akeneo.com\/de\/press-release\/akeneo-appoints-former-amazon-vice-president-tim-kohn-as-technology-and-product-advisor\/\" \/>\n<meta property=\"og:locale\" content=\"de_DE\" \/>\n<meta property=\"og:type\" content=\"article\" \/>\n<meta property=\"og:title\" content=\"Akeneo ernennt ehemaligen Amazon-Vice-President Tim Kohn zum Technologie- und Produktberater\" \/>\n<meta property=\"og:description\" content=\"Mit seiner Expertise in der Skalierung wachstumsintensiver Systeme will Kohn Synergieeffekte erschlie\u00dfen und dadurch die Weiterentwicklung der Product Cloud vorantreiben.\" \/>\n<meta property=\"og:url\" content=\"https:\/\/www.akeneo.com\/de\/press-release\/akeneo-appoints-former-amazon-vice-president-tim-kohn-as-technology-and-product-advisor\/\" \/>\n<meta property=\"og:site_name\" content=\"Akeneo\" \/>\n<meta property=\"article:modified_time\" content=\"2024-07-04T06:48:42+00:00\" \/>\n<meta property=\"og:image\" content=\"https:\/\/www.akeneo.com\/wp-content\/uploads\/2024\/11\/generic_featuredimage_1200x1200.png\" \/>\n\t<meta property=\"og:image:width\" content=\"1200\" \/>\n\t<meta property=\"og:image:height\" content=\"1200\" \/>\n\t<meta property=\"og:image:type\" content=\"image\/png\" \/>\n<meta name=\"twitter:card\" content=\"summary_large_image\" \/>\n<meta name=\"twitter:label1\" content=\"Gesch\u00e4tzte Lesezeit\" \/>\n\t<meta name=\"twitter:data1\" content=\"2 Minuten\" \/>\n<script type=\"application\/ld+json\" class=\"yoast-schema-graph\">{\"@context\":\"https:\\\/\\\/schema.org\",\"@graph\":[{\"@type\":\"WebPage\",\"@id\":\"https:\\\/\\\/www.akeneo.com\\\/de\\\/press-release\\\/akeneo-appoints-former-amazon-vice-president-tim-kohn-as-technology-and-product-advisor\\\/\",\"url\":\"https:\\\/\\\/www.akeneo.com\\\/de\\\/press-release\\\/akeneo-appoints-former-amazon-vice-president-tim-kohn-as-technology-and-product-advisor\\\/\",\"name\":\"Akeneo ernennt ehemaligen Amazon-Vice-President Tim Kohn zum Technologie- und Produktberater | Akeneo\",\"isPartOf\":{\"@id\":\"https:\\\/\\\/www.akeneo.com\\\/de\\\/#website\"},\"datePublished\":\"2023-02-09T14:00:12+00:00\",\"dateModified\":\"2024-07-04T06:48:42+00:00\",\"inLanguage\":\"de-DE\",\"potentialAction\":[{\"@type\":\"ReadAction\",\"target\":[\"https:\\\/\\\/www.akeneo.com\\\/de\\\/press-release\\\/akeneo-appoints-former-amazon-vice-president-tim-kohn-as-technology-and-product-advisor\\\/\"]}]},{\"@type\":\"WebSite\",\"@id\":\"https:\\\/\\\/www.akeneo.com\\\/de\\\/#website\",\"url\":\"https:\\\/\\\/www.akeneo.com\\\/de\\\/\",\"name\":\"Akeneo\",\"description\":\"\",\"publisher\":{\"@id\":\"https:\\\/\\\/www.akeneo.com\\\/de\\\/#organization\"},\"potentialAction\":[{\"@type\":\"SearchAction\",\"target\":{\"@type\":\"EntryPoint\",\"urlTemplate\":\"https:\\\/\\\/www.akeneo.com\\\/de\\\/?s={search_term_string}\"},\"query-input\":{\"@type\":\"PropertyValueSpecification\",\"valueRequired\":true,\"valueName\":\"search_term_string\"}}],\"inLanguage\":\"de-DE\"},{\"@type\":\"Organization\",\"@id\":\"https:\\\/\\\/www.akeneo.com\\\/de\\\/#organization\",\"name\":\"Akeneo\",\"url\":\"https:\\\/\\\/www.akeneo.com\\\/de\\\/\",\"logo\":{\"@type\":\"ImageObject\",\"inLanguage\":\"de-DE\",\"@id\":\"https:\\\/\\\/www.akeneo.com\\\/de\\\/#\\\/schema\\\/logo\\\/image\\\/\",\"url\":\"https:\\\/\\\/www.akeneo.com\\\/wp-content\\\/uploads\\\/2019\\\/08\\\/logo-kjus.png\",\"contentUrl\":\"https:\\\/\\\/www.akeneo.com\\\/wp-content\\\/uploads\\\/2019\\\/08\\\/logo-kjus.png\",\"width\":1,\"height\":1,\"caption\":\"Akeneo\"},\"image\":{\"@id\":\"https:\\\/\\\/www.akeneo.com\\\/de\\\/#\\\/schema\\\/logo\\\/image\\\/\"}}]}<\/script>\n<!-- \/ Yoast SEO Premium plugin. -->","yoast_head_json":{"title":"Akeneo ernennt ehemaligen Amazon-Vice-President Tim Kohn zum Technologie- und Produktberater | Akeneo","robots":{"index":"index","follow":"follow","max-snippet":"max-snippet:-1","max-image-preview":"max-image-preview:large","max-video-preview":"max-video-preview:-1"},"canonical":"https:\/\/www.akeneo.com\/de\/press-release\/akeneo-appoints-former-amazon-vice-president-tim-kohn-as-technology-and-product-advisor\/","og_locale":"de_DE","og_type":"article","og_title":"Akeneo ernennt ehemaligen Amazon-Vice-President Tim Kohn zum Technologie- und Produktberater","og_description":"Mit seiner Expertise in der Skalierung wachstumsintensiver Systeme will Kohn Synergieeffekte erschlie\u00dfen und dadurch die Weiterentwicklung der Product Cloud vorantreiben.","og_url":"https:\/\/www.akeneo.com\/de\/press-release\/akeneo-appoints-former-amazon-vice-president-tim-kohn-as-technology-and-product-advisor\/","og_site_name":"Akeneo","article_modified_time":"2024-07-04T06:48:42+00:00","og_image":[{"width":1200,"height":1200,"url":"https:\/\/www.akeneo.com\/wp-content\/uploads\/2024\/11\/generic_featuredimage_1200x1200.png","type":"image\/png"}],"twitter_card":"summary_large_image","twitter_misc":{"Gesch\u00e4tzte Lesezeit":"2 Minuten"},"schema":{"@context":"https:\/\/schema.org","@graph":[{"@type":"WebPage","@id":"https:\/\/www.akeneo.com\/de\/press-release\/akeneo-appoints-former-amazon-vice-president-tim-kohn-as-technology-and-product-advisor\/","url":"https:\/\/www.akeneo.com\/de\/press-release\/akeneo-appoints-former-amazon-vice-president-tim-kohn-as-technology-and-product-advisor\/","name":"Akeneo ernennt ehemaligen Amazon-Vice-President Tim Kohn zum Technologie- und Produktberater | Akeneo","isPartOf":{"@id":"https:\/\/www.akeneo.com\/de\/#website"},"datePublished":"2023-02-09T14:00:12+00:00","dateModified":"2024-07-04T06:48:42+00:00","inLanguage":"de-DE","potentialAction":[{"@type":"ReadAction","target":["https:\/\/www.akeneo.com\/de\/press-release\/akeneo-appoints-former-amazon-vice-president-tim-kohn-as-technology-and-product-advisor\/"]}]},{"@type":"WebSite","@id":"https:\/\/www.akeneo.com\/de\/#website","url":"https:\/\/www.akeneo.com\/de\/","name":"Akeneo","description":"","publisher":{"@id":"https:\/\/www.akeneo.com\/de\/#organization"},"potentialAction":[{"@type":"SearchAction","target":{"@type":"EntryPoint","urlTemplate":"https:\/\/www.akeneo.com\/de\/?s={search_term_string}"},"query-input":{"@type":"PropertyValueSpecification","valueRequired":true,"valueName":"search_term_string"}}],"inLanguage":"de-DE"},{"@type":"Organization","@id":"https:\/\/www.akeneo.com\/de\/#organization","name":"Akeneo","url":"https:\/\/www.akeneo.com\/de\/","logo":{"@type":"ImageObject","inLanguage":"de-DE","@id":"https:\/\/www.akeneo.com\/de\/#\/schema\/logo\/image\/","url":"https:\/\/www.akeneo.com\/wp-content\/uploads\/2019\/08\/logo-kjus.png","contentUrl":"https:\/\/www.akeneo.com\/wp-content\/uploads\/2019\/08\/logo-kjus.png","width":1,"height":1,"caption":"Akeneo"},"image":{"@id":"https:\/\/www.akeneo.com\/de\/#\/schema\/logo\/image\/"}}]}},"_links":{"self":[{"href":"https:\/\/www.akeneo.com\/de\/wp-json\/wp\/v2\/ak-pr\/42405","targetHints":{"allow":["GET"]}}],"collection":[{"href":"https:\/\/www.akeneo.com\/de\/wp-json\/wp\/v2\/ak-pr"}],"about":[{"href":"https:\/\/www.akeneo.com\/de\/wp-json\/wp\/v2\/types\/ak-pr"}],"wp:attachment":[{"href":"https:\/\/www.akeneo.com\/de\/wp-json\/wp\/v2\/media?parent=42405"}],"curies":[{"name":"wp","href":"https:\/\/api.w.org\/{rel}","templated":true}]}}